{"id":394,"date":"2021-04-09T12:49:41","date_gmt":"2021-04-09T12:49:41","guid":{"rendered":"http:\/\/studioasario.fr\/?page_id=394"},"modified":"2025-04-29T22:09:24","modified_gmt":"2025-04-29T22:09:24","slug":"jean-marc-rio","status":"publish","type":"page","link":"https:\/\/studioasario.fr\/index.php\/jean-marc-rio\/","title":{"rendered":"Jean-Marc Rio Architecte"},"content":{"rendered":"\t\t<div data-elementor-type=\"wp-page\" data-elementor-id=\"394\" class=\"elementor elementor-394\">\n\t\t\t\t\t\t\t\t\t<section class=\"elementor-section elementor-top-section elementor-element elementor-element-4b8ab822 elementor-section-boxed elementor-section-height-default elementor-section-height-default\" data-id=\"4b8ab822\" data-element_type=\"section\">\n\t\t\t\t\t\t<div class=\"elementor-container elementor-column-gap-default\">\n\t\t\t\t\t<div class=\"elementor-column elementor-col-100 elementor-top-column elementor-element elementor-element-821ce6c\" data-id=\"821ce6c\" data-element_type=\"column\">\n\t\t\t<div class=\"elementor-widget-wrap elementor-element-populated\">\n\t\t\t\t\t\t\t\t<div class=\"elementor-element elementor-element-0ccfa7c elementor-invisible elementor-widget elementor-widget-image\" data-id=\"0ccfa7c\" data-element_type=\"widget\" data-settings=\"{&quot;_animation&quot;:&quot;fadeIn&quot;}\" data-widget_type=\"image.default\">\n\t\t\t\t<div class=\"elementor-widget-container\">\n\t\t\t\t\t\t\t\t\t\t\t\t\t\t\t<img loading=\"lazy\" decoding=\"async\" width=\"704\" height=\"1127\" src=\"https:\/\/studioasario.fr\/wp-content\/uploads\/2021\/04\/Jean-Marc-Rio.jpg\" class=\"attachment-1536x1536 size-1536x1536 wp-image-406\" alt=\"\" srcset=\"https:\/\/studioasario.fr\/wp-content\/uploads\/2021\/04\/Jean-Marc-Rio.jpg 704w, https:\/\/studioasario.fr\/wp-content\/uploads\/2021\/04\/Jean-Marc-Rio-187x300.jpg 187w, https:\/\/studioasario.fr\/wp-content\/uploads\/2021\/04\/Jean-Marc-Rio-640x1024.jpg 640w\" sizes=\"auto, (max-width: 704px) 100vw, 704px\" \/>\t\t\t\t\t\t\t\t\t\t\t\t\t\t\t<\/div>\n\t\t\t\t<\/div>\n\t\t\t\t\t<\/div>\n\t\t<\/div>\n\t\t\t\t<div class=\"elementor-column elementor-col-100 elementor-top-column elementor-element elementor-element-352e89ff\" data-id=\"352e89ff\" data-element_type=\"column\">\n\t\t\t<div class=\"elementor-widget-wrap elementor-element-populated\">\n\t\t\t\t\t\t\t\t<div class=\"elementor-element elementor-element-0551779 elementor-invisible elementor-widget elementor-widget-text-editor\" data-id=\"0551779\" data-element_type=\"widget\" data-settings=\"{&quot;_animation&quot;:&quot;fadeIn&quot;}\" data-widget_type=\"text-editor.default\">\n\t\t\t\t<div class=\"elementor-widget-container\">\n\t\t\t\t\t\t\t<p>\u00a0 \u00a0 \u00a0 \u00a0 Jean-Marc Rio est architecte lib\u00e9ral, inscrit \u00e0\u00a0 l&rsquo;Ordre des Architectes d&rsquo;Ile-de-France depuis 2010. Il<span style=\"font-size: 16px; font-style: normal; font-weight: 400;\">\u00a0fonde le Studio Asario<\/span><span style=\"font-size: 16px; font-style: normal; font-weight: 400;\"> peu apr\u00e8s avoir \u00e9t\u00e9 d\u00e9sign\u00e9 l<\/span><span style=\"font-size: 16px;\">aur\u00e9at du concours de la Philharmonie de Caracas, pour concevoir des projets singuliers en <strong>Tr<\/strong>ansformations &#8211; <strong>R\u00e9<\/strong>habilitation &#8211; <strong>eX<\/strong>tension, am\u00e9nagements ext\u00e9rieurs et design int\u00e9rieur inclus.<\/span><\/p><p><span style=\"font-size: 16px;\">Il est laur\u00e9at du prix 40 under 40 2016, \u00ab\u00a0Emerging young architects and designers in Europe\u00a0\u00bb, d\u00e9cern\u00e9 par \u00ab\u00a0The European Centre for Architecture Art Design and Urban Studies\u00a0\u00bb et\u00a0 \u00ab\u00a0<\/span><span style=\"font-size: 16px;\">The Chicago Athenaeum\u00a0\u00bb, et expose au Contemporary Space Athens. Il est membre du collectif 16\/40 en 2017, qui pr\u00e9sente les travaux des jeunes agences fran\u00e7aises prometteuses au travers d&rsquo;une exposistion \u00e0 la Maison de l&rsquo;Architecture d&rsquo;Ile-de-France lors des Journ\u00e9es Nationales de l&rsquo;Architecture, sous la tutelle du Minist\u00e8re de la Culture. Il est s\u00e9lectionn\u00e9 au prix Archinovo 2019 pour la Maison 3C. Sur l&rsquo;ann\u00e9e 2023-2024, il int\u00e8gre le dispositif\u00a0 Echelle Un | Formation continue | de l&rsquo;Ecole d&rsquo;architecture de la Ville &amp; des territoires Paris-Est. Depuis 2018, il est appel\u00e9 \u00e0 participer \u00e0 des jurys pour s\u00e9lectionner les candidats et laur\u00e9ats des concours en march\u00e9s publics.<\/span><\/p><p><img loading=\"lazy\" decoding=\"async\" class=\"alignnone wp-image-410\" style=\"font-size: 1rem;\" title=\"40 under 40\" src=\"http:\/\/studioasario.fr\/wp-content\/uploads\/2021\/04\/EUROPE-40-UNDER-40-2016-1-1024x684-1-300x200.jpg\" alt=\"40 under 40 2016\" width=\"143\" height=\"96\" srcset=\"https:\/\/studioasario.fr\/wp-content\/uploads\/2021\/04\/EUROPE-40-UNDER-40-2016-1-1024x684-1-300x200.jpg 300w, https:\/\/studioasario.fr\/wp-content\/uploads\/2021\/04\/EUROPE-40-UNDER-40-2016-1-1024x684-1-768x513.jpg 768w, https:\/\/studioasario.fr\/wp-content\/uploads\/2021\/04\/EUROPE-40-UNDER-40-2016-1-1024x684-1.jpg 1024w\" sizes=\"auto, (max-width: 143px) 100vw, 143px\" \/><img loading=\"lazy\" decoding=\"async\" class=\"alignnone wp-image-1357\" src=\"http:\/\/studioasario.fr\/wp-content\/uploads\/2025\/03\/Logo_ARCHINOVO-300x300.png\" alt=\"\" width=\"74\" height=\"74\" srcset=\"https:\/\/studioasario.fr\/wp-content\/uploads\/2025\/03\/Logo_ARCHINOVO-300x300.png 300w, https:\/\/studioasario.fr\/wp-content\/uploads\/2025\/03\/Logo_ARCHINOVO-150x150.png 150w, https:\/\/studioasario.fr\/wp-content\/uploads\/2025\/03\/Logo_ARCHINOVO.png 709w\" sizes=\"auto, (max-width: 74px) 100vw, 74px\" \/>\u00a0 \u00a0 \u00a0 <img loading=\"lazy\" decoding=\"async\" class=\"alignnone size-medium wp-image-1355\" src=\"http:\/\/studioasario.fr\/wp-content\/uploads\/2025\/03\/Echelle_Un-Formation-Continue-300x107.jpg\" alt=\"\" width=\"300\" height=\"107\" srcset=\"https:\/\/studioasario.fr\/wp-content\/uploads\/2025\/03\/Echelle_Un-Formation-Continue-300x107.jpg 300w, https:\/\/studioasario.fr\/wp-content\/uploads\/2025\/03\/Echelle_Un-Formation-Continue-768x274.jpg 768w, https:\/\/studioasario.fr\/wp-content\/uploads\/2025\/03\/Echelle_Un-Formation-Continue.jpg 1024w\" sizes=\"auto, (max-width: 300px) 100vw, 300px\" \/><\/p>\t\t\t\t\t\t<\/div>\n\t\t\t\t<\/div>\n\t\t\t\t\t<\/div>\n\t\t<\/div>\n\t\t\t\t\t\t\t<\/div>\n\t\t<\/section>\n\t\t\t\t<section class=\"elementor-section elementor-top-section elementor-element elementor-element-5b167bb elementor-section-boxed elementor-section-height-default elementor-section-height-default\" data-id=\"5b167bb\" data-element_type=\"section\">\n\t\t\t\t\t\t<div class=\"elementor-container elementor-column-gap-default\">\n\t\t\t\t\t\t\t\t<\/div>\n\t\t<\/section>\n\t\t\t\t<section class=\"elementor-section elementor-top-section elementor-element elementor-element-46600e9 elementor-section-boxed elementor-section-height-default elementor-section-height-default\" data-id=\"46600e9\" data-element_type=\"section\">\n\t\t\t\t\t\t<div class=\"elementor-container elementor-column-gap-default\">\n\t\t\t\t\t<div class=\"elementor-column elementor-col-100 elementor-top-column elementor-element elementor-element-7d760a8\" data-id=\"7d760a8\" data-element_type=\"column\">\n\t\t\t<div class=\"elementor-widget-wrap elementor-element-populated\">\n\t\t\t\t\t\t\t\t<div class=\"elementor-element elementor-element-c54d1f4 elementor-widget elementor-widget-text-editor\" data-id=\"c54d1f4\" data-element_type=\"widget\" data-widget_type=\"text-editor.default\">\n\t\t\t\t<div class=\"elementor-widget-container\">\n\t\t\t\t\t\t\t<p><strong>P R E M I E R S\u00a0 \u00a0P R O J E T S\u00a0 \u00a0E N\u00a0 \u00a0N O M\u00a0 \u00a0P R O P R E\u00a0<\/strong><\/p><ul id=\"block-9131b06e-e639-4b9a-9261-e494c450b123\" class=\"block-editor-rich-text__editable block-editor-block-list__block wp-block is-selected rich-text\" tabindex=\"0\" role=\"group\" contenteditable=\"true\" aria-multiline=\"true\" aria-label=\"Bloc\u00a0: Liste\" data-block=\"9131b06e-e639-4b9a-9261-e494c450b123\" data-type=\"core\/list\" data-title=\"Liste\"><li>2015\/2016 &#8211; Maison 3C \u00e0 Loud\u00e9ac centre-ville, r\u00e9habilitation en habitat d&rsquo;une ancienne imprimerie et extension form\u00e9e d&rsquo;une \u00ab\u00a0t\u00eate\u00a0\u00bb en b\u00e9ton brut.<\/li><li>2013 &#8211; Restauration et r\u00e9habilitation du <strong>Gymnase Le Corbusier<\/strong> de la Cit\u00e9 Radieuse \u00e0 Marseille, pour la cr\u00e9ation du <strong>Centre d&rsquo;Art Mamo<\/strong>, programme \u00e0 l&rsquo;initiative du designer Ora-Ito. (ERP situ\u00e9 \u00e0 56 m d\u2019altitude sur le Toit-Terrasse du Monument Historique class\u00e9 au Patrimoine Mondial de l\u2019UNESCO). &gt; Coordination avec les ing\u00e9nieurs du support de fixation du Mobile de Xavier Veilhan sur la vo\u00fbte du Gymnase Le Corbusier pour l&rsquo;exposition Architectones, Marseille-Provence 2013 capitale europ\u00e9enne de la culture.<\/li><li>2010 &#8211; Cr\u00e9ation d&rsquo;un concept design pour la sc\u00e9nographie de l&rsquo;exposition Gerhard Richter 2012 au Centre Pompidou.<\/li><li>2010\/2013 &#8211; Conceptiondu<strong> Complexe musical national El Sistema de Caracas<\/strong> (un conservatoire de musique et trois grands auditoriums), programme \u00e0 l\u2019initiative de la Fesnojiv. <strong>Laur\u00e9at du concours, <\/strong>en charge de la conception des salles de concerts. Co-fondation de la soci\u00e9t\u00e9 v\u00e9n\u00e9zu\u00e9lienne pour le d\u00e9veloppement des \u00e9tudes du projet \u00e0 Caracas.<\/li><\/ul><p><strong>D E R N I \u00c8 R E S\u00a0 \u00a0M I S S I O N S\u00a0 \u00a0E N\u00a0 \u00a0C O L L A B O R A T I O N\u00a0 \u00a0L I B \u00c9 R A L E<\/strong><\/p><p><span style=\"font-style: inherit; font-weight: inherit; background-color: var( --e-global-color-3b5e640 );\">Architecte consultant, coordinateur s\u00e9nior sur des ouvrages complexes :\u00a0<\/span><\/p><ul id=\"block-c4d4bbeb-cdf8-47b5-9d84-55813efdf086\" class=\"block-editor-rich-text__editable block-editor-block-list__block wp-block is-selected rich-text\" tabindex=\"0\" role=\"group\" contenteditable=\"true\" aria-multiline=\"true\" aria-label=\"Bloc\u00a0: Liste\" data-block=\"c4d4bbeb-cdf8-47b5-9d84-55813efdf086\" data-type=\"core\/list\" data-title=\"Liste\"><li>2024\/2025 &#8211; Pour Oualalou+Choi : \u00e9tudes du plus grand stade de football du monde (115 000 places) : le Stade Hassan II \u00e0 Casablanca (BIM Revit)\u00a0<\/li><li>2023 &#8211; Pour Savoir-Fair : chantier de la r\u00e9habilitation lourde de l&rsquo;ancienne Fondation Gulbenkian (Hotel particulier parisien),\u00a0 \u00e9tudes de la r\u00e9habilitation d&rsquo;un parking silo en \u00e9cole sup\u00e9rieure<\/li><li>2022 &#8211; Pour Manuelle Gautrand : \u00e9tudes toutes phases de projet des lots A et B du Metropolitan Square\u00a0 \u00e0 Lille (BIM Revit)<\/li><li>2021 &#8211; Pour Archi-Factory : invention de concepts design 3D pour de grands projets logistiques et leur int\u00e9gration environnementale<\/li><li>2021 &#8211; Pour Rudy Ricciotti : concours de la r\u00e9habilitation de l&rsquo;ancienne prison de Meaux en Ecole de musique<\/li><li>2020 &#8211; Pour Wilmotte &amp; Associ\u00e9s : \u00e9tudes toutes phases de logements collectif HQE sur l&rsquo;ancienne friche industrielle de Romainville (BIM Revit)<\/li><li>2019 &#8211; Pour Valode &amp; Pistre \/ Herzog &amp; de Meuron\u00a0 : coordination des \u00e9tudes APD des fa\u00e7ades de la Tour Triangle<\/li><li>2018 &#8211; Pour les Ateliers Jean Nouvel : \u00e9tudes APS du NAMOC (National Art Museum of China)<\/li><li>2017 &#8211; Pour les Ateliers Jean Nouvel : \u00e9tudes de la r\u00e9habilitation lourde du Louvre des Antiquaires (monument historique) pour la Fondation Cartier\u00a0<\/li><\/ul>\t\t\t\t\t\t<\/div>\n\t\t\t\t<\/div>\n\t\t\t\t<div class=\"elementor-element elementor-element-c38f9e3 elementor-widget elementor-widget-text-editor\" data-id=\"c38f9e3\" data-element_type=\"widget\" data-widget_type=\"text-editor.default\">\n\t\t\t\t<div class=\"elementor-widget-container\">\n\t\t\t\t\t\t\t<p>Premi\u00e8res collaborations\u00a0 :<\/p><ul id=\"block-4692b483-50ae-4df6-9cc1-36b53f743da2\" class=\"block-editor-rich-text__editable block-editor-block-list__block wp-block is-selected rich-text\" tabindex=\"0\" role=\"group\" contenteditable=\"true\" aria-multiline=\"true\" aria-label=\"Bloc\u00a0: Liste\" data-block=\"4692b483-50ae-4df6-9cc1-36b53f743da2\" data-type=\"core\/list\" data-title=\"Liste\"><li>2010 &#8211; Pour SCAU &#8211; concours du nouveau stade V\u00e9lodrome de Marseille<\/li><li>2009 &#8211; Pour Paul Andreu, sous sa direction personnelle &#8211; concours des 3 grands auditoriums du Seoul Performing Arts Center.<\/li><li>2008 &#8211; Pour Brigitte Metra \/ Ateliers Jean Nouvel &#8211; \u00e9tudes de projet de la Grande Salle de concert Pierre Boulez de la Philharmonie de Paris<\/li><li>2007 &#8211; Pour le Renzo Piano Building Workshop &#8211; requalification des friches industrielles de Sesto San Giovanni (Milan) &#8211; Centre commercial<\/li><li>2006 &#8211; Pour Architecture-Studio &#8211; concours pour de grands \u00e9quipements<\/li><li>2005 &#8211; Pour Jean-Paul Viguier &#8211; concours et \u00e9tudes pour des \u00e9quipements mixtes<\/li><\/ul><p>Diplomes et formations :<\/p><ul id=\"block-c4d4bbeb-cdf8-47b5-9d84-55813efdf086\" class=\"block-editor-rich-text__editable block-editor-block-list__block wp-block is-selected rich-text\" tabindex=\"0\" role=\"group\" contenteditable=\"true\" aria-multiline=\"true\" aria-label=\"Bloc\u00a0: Liste\" data-block=\"c4d4bbeb-cdf8-47b5-9d84-55813efdf086\" data-type=\"core\/list\" data-title=\"Liste\"><li>2023 &#8211; Echelle Un | Formation continue \u00e0 l&rsquo;EAVT Paris-Est<\/li><li>2021 &#8211; Formation BIM au GRETA 92<\/li><li>2018 &#8211; Formation BIM au Pole EVA<\/li><li>2004 &#8211; <strong>Dipl\u00f4me d&rsquo;architecte DPLG<\/strong><\/li><li>1995-2001 &#8211; Etudes d&rsquo;architecture \u00e0 l&rsquo;<strong>ENSAB<\/strong> \u00e0 Rennes. Stages chez Christian Hauvette et Jacques Ferrier \u00e0 Paris.<\/li><li>1995 &#8211; Bac scientifique option math\u00e9matiques<\/li><\/ul>\t\t\t\t\t\t<\/div>\n\t\t\t\t<\/div>\n\t\t\t\t\t<\/div>\n\t\t<\/div>\n\t\t\t\t\t\t\t<\/div>\n\t\t<\/section>\n\t\t\t\t\t\t\t<\/div>\n\t\t","protected":false},"excerpt":{"rendered":"<p>\u00a0 \u00a0 \u00a0 \u00a0 Jean-Marc Rio est architecte lib\u00e9ral, inscrit \u00e0\u00a0 l&rsquo;Ordre des Architectes d&rsquo;Ile-de-France depuis 2010. Il\u00a0fonde le Studio Asario peu apr\u00e8s avoir \u00e9t\u00e9 d\u00e9sign\u00e9 laur\u00e9at du concours de la Philharmonie de Caracas, pour concevoir des projets singuliers en Transformations &#8211; R\u00e9habilitation &#8211; eXtension, am\u00e9nagements ext\u00e9rieurs et design int\u00e9rieur inclus. Il est laur\u00e9at du &hellip;<\/p>\n<p class=\"read-more\"> <a class=\"\" href=\"https:\/\/studioasario.fr\/index.php\/jean-marc-rio\/\"> <span class=\"screen-reader-text\">Jean-Marc Rio Architecte<\/span> Lire la suite\u00a0\u00bb<\/a><\/p>\n","protected":false},"author":1,"featured_media":0,"parent":0,"menu_order":5,"comment_status":"closed","ping_status":"closed","template":"elementor_header_footer","meta":{"om_disable_all_campaigns":false,"_monsterinsights_skip_tracking":false,"_monsterinsights_sitenote_active":false,"_monsterinsights_sitenote_note":"","_monsterinsights_sitenote_category":0,"footnotes":""},"class_list":["post-394","page","type-page","status-publish","hentry"],"yoast_head":"<!-- This site is optimized with the Yoast SEO plugin v25.3.1 - https:\/\/yoast.com\/wordpress\/plugins\/seo\/ -->\n<title>Jean-Marc Rio Architecte - Studio Asario<\/title>\n<meta name=\"robots\" content=\"index, follow, max-snippet:-1, max-image-preview:large, max-video-preview:-1\" \/>\n<link rel=\"canonical\" href=\"https:\/\/studioasario.fr\/index.php\/jean-marc-rio\/\" \/>\n<meta property=\"og:locale\" content=\"fr_FR\" \/>\n<meta property=\"og:type\" content=\"article\" \/>\n<meta property=\"og:title\" content=\"Jean-Marc Rio Architecte - Studio Asario\" \/>\n<meta property=\"og:description\" content=\"\u00a0 \u00a0 \u00a0 \u00a0 Jean-Marc Rio est architecte lib\u00e9ral, inscrit \u00e0\u00a0 l&rsquo;Ordre des Architectes d&rsquo;Ile-de-France depuis 2010. Il\u00a0fonde le Studio Asario peu apr\u00e8s avoir \u00e9t\u00e9 d\u00e9sign\u00e9 laur\u00e9at du concours de la Philharmonie de Caracas, pour concevoir des projets singuliers en Transformations &#8211; R\u00e9habilitation &#8211; eXtension, am\u00e9nagements ext\u00e9rieurs et design int\u00e9rieur inclus. Il est laur\u00e9at du &hellip; Jean-Marc Rio Architecte Lire la suite\u00a0\u00bb\" \/>\n<meta property=\"og:url\" content=\"https:\/\/studioasario.fr\/index.php\/jean-marc-rio\/\" \/>\n<meta property=\"og:site_name\" content=\"Studio Asario\" \/>\n<meta property=\"article:modified_time\" content=\"2025-04-29T22:09:24+00:00\" \/>\n<meta property=\"og:image\" content=\"https:\/\/studioasario.fr\/wp-content\/uploads\/2021\/04\/Jean-Marc-Rio.jpg\" \/>\n\t<meta property=\"og:image:width\" content=\"704\" \/>\n\t<meta property=\"og:image:height\" content=\"1127\" \/>\n\t<meta property=\"og:image:type\" content=\"image\/jpeg\" \/>\n<meta name=\"twitter:card\" content=\"summary_large_image\" \/>\n<meta name=\"twitter:label1\" content=\"Dur\u00e9e de lecture estim\u00e9e\" \/>\n\t<meta name=\"twitter:data1\" content=\"5 minutes\" \/>\n<script type=\"application\/ld+json\" class=\"yoast-schema-graph\">{\"@context\":\"https:\/\/schema.org\",\"@graph\":[{\"@type\":\"WebPage\",\"@id\":\"https:\/\/studioasario.fr\/index.php\/jean-marc-rio\/\",\"url\":\"https:\/\/studioasario.fr\/index.php\/jean-marc-rio\/\",\"name\":\"Jean-Marc Rio Architecte - Studio Asario\",\"isPartOf\":{\"@id\":\"https:\/\/studioasario.fr\/#website\"},\"primaryImageOfPage\":{\"@id\":\"https:\/\/studioasario.fr\/index.php\/jean-marc-rio\/#primaryimage\"},\"image\":{\"@id\":\"https:\/\/studioasario.fr\/index.php\/jean-marc-rio\/#primaryimage\"},\"thumbnailUrl\":\"http:\/\/studioasario.fr\/wp-content\/uploads\/2021\/04\/Jean-Marc-Rio.jpg\",\"datePublished\":\"2021-04-09T12:49:41+00:00\",\"dateModified\":\"2025-04-29T22:09:24+00:00\",\"breadcrumb\":{\"@id\":\"https:\/\/studioasario.fr\/index.php\/jean-marc-rio\/#breadcrumb\"},\"inLanguage\":\"fr-FR\",\"potentialAction\":[{\"@type\":\"ReadAction\",\"target\":[\"https:\/\/studioasario.fr\/index.php\/jean-marc-rio\/\"]}]},{\"@type\":\"ImageObject\",\"inLanguage\":\"fr-FR\",\"@id\":\"https:\/\/studioasario.fr\/index.php\/jean-marc-rio\/#primaryimage\",\"url\":\"https:\/\/studioasario.fr\/wp-content\/uploads\/2021\/04\/Jean-Marc-Rio.jpg\",\"contentUrl\":\"https:\/\/studioasario.fr\/wp-content\/uploads\/2021\/04\/Jean-Marc-Rio.jpg\",\"width\":704,\"height\":1127},{\"@type\":\"BreadcrumbList\",\"@id\":\"https:\/\/studioasario.fr\/index.php\/jean-marc-rio\/#breadcrumb\",\"itemListElement\":[{\"@type\":\"ListItem\",\"position\":1,\"name\":\"Home\",\"item\":\"https:\/\/studioasario.fr\/\"},{\"@type\":\"ListItem\",\"position\":2,\"name\":\"Jean-Marc Rio Architecte\"}]},{\"@type\":\"WebSite\",\"@id\":\"https:\/\/studioasario.fr\/#website\",\"url\":\"https:\/\/studioasario.fr\/\",\"name\":\"Studio Asario\",\"description\":\"\",\"publisher\":{\"@id\":\"https:\/\/studioasario.fr\/#organization\"},\"potentialAction\":[{\"@type\":\"SearchAction\",\"target\":{\"@type\":\"EntryPoint\",\"urlTemplate\":\"https:\/\/studioasario.fr\/?s={search_term_string}\"},\"query-input\":{\"@type\":\"PropertyValueSpecification\",\"valueRequired\":true,\"valueName\":\"search_term_string\"}}],\"inLanguage\":\"fr-FR\"},{\"@type\":\"Organization\",\"@id\":\"https:\/\/studioasario.fr\/#organization\",\"name\":\"Studio Asario\",\"url\":\"https:\/\/studioasario.fr\/\",\"logo\":{\"@type\":\"ImageObject\",\"inLanguage\":\"fr-FR\",\"@id\":\"https:\/\/studioasario.fr\/#\/schema\/logo\/image\/\",\"url\":\"https:\/\/studioasario.fr\/wp-content\/uploads\/2021\/04\/studio-asario-210427-1.svg\",\"contentUrl\":\"https:\/\/studioasario.fr\/wp-content\/uploads\/2021\/04\/studio-asario-210427-1.svg\",\"caption\":\"Studio Asario\"},\"image\":{\"@id\":\"https:\/\/studioasario.fr\/#\/schema\/logo\/image\/\"}}]}<\/script>\n<!-- \/ Yoast SEO plugin. -->","yoast_head_json":{"title":"Jean-Marc Rio Architecte - Studio Asario","robots":{"index":"index","follow":"follow","max-snippet":"max-snippet:-1","max-image-preview":"max-image-preview:large","max-video-preview":"max-video-preview:-1"},"canonical":"https:\/\/studioasario.fr\/index.php\/jean-marc-rio\/","og_locale":"fr_FR","og_type":"article","og_title":"Jean-Marc Rio Architecte - Studio Asario","og_description":"\u00a0 \u00a0 \u00a0 \u00a0 Jean-Marc Rio est architecte lib\u00e9ral, inscrit \u00e0\u00a0 l&rsquo;Ordre des Architectes d&rsquo;Ile-de-France depuis 2010. Il\u00a0fonde le Studio Asario peu apr\u00e8s avoir \u00e9t\u00e9 d\u00e9sign\u00e9 laur\u00e9at du concours de la Philharmonie de Caracas, pour concevoir des projets singuliers en Transformations &#8211; R\u00e9habilitation &#8211; eXtension, am\u00e9nagements ext\u00e9rieurs et design int\u00e9rieur inclus. Il est laur\u00e9at du &hellip; Jean-Marc Rio Architecte Lire la suite\u00a0\u00bb","og_url":"https:\/\/studioasario.fr\/index.php\/jean-marc-rio\/","og_site_name":"Studio Asario","article_modified_time":"2025-04-29T22:09:24+00:00","og_image":[{"width":704,"height":1127,"url":"https:\/\/studioasario.fr\/wp-content\/uploads\/2021\/04\/Jean-Marc-Rio.jpg","type":"image\/jpeg"}],"twitter_card":"summary_large_image","twitter_misc":{"Dur\u00e9e de lecture estim\u00e9e":"5 minutes"},"schema":{"@context":"https:\/\/schema.org","@graph":[{"@type":"WebPage","@id":"https:\/\/studioasario.fr\/index.php\/jean-marc-rio\/","url":"https:\/\/studioasario.fr\/index.php\/jean-marc-rio\/","name":"Jean-Marc Rio Architecte - Studio Asario","isPartOf":{"@id":"https:\/\/studioasario.fr\/#website"},"primaryImageOfPage":{"@id":"https:\/\/studioasario.fr\/index.php\/jean-marc-rio\/#primaryimage"},"image":{"@id":"https:\/\/studioasario.fr\/index.php\/jean-marc-rio\/#primaryimage"},"thumbnailUrl":"http:\/\/studioasario.fr\/wp-content\/uploads\/2021\/04\/Jean-Marc-Rio.jpg","datePublished":"2021-04-09T12:49:41+00:00","dateModified":"2025-04-29T22:09:24+00:00","breadcrumb":{"@id":"https:\/\/studioasario.fr\/index.php\/jean-marc-rio\/#breadcrumb"},"inLanguage":"fr-FR","potentialAction":[{"@type":"ReadAction","target":["https:\/\/studioasario.fr\/index.php\/jean-marc-rio\/"]}]},{"@type":"ImageObject","inLanguage":"fr-FR","@id":"https:\/\/studioasario.fr\/index.php\/jean-marc-rio\/#primaryimage","url":"https:\/\/studioasario.fr\/wp-content\/uploads\/2021\/04\/Jean-Marc-Rio.jpg","contentUrl":"https:\/\/studioasario.fr\/wp-content\/uploads\/2021\/04\/Jean-Marc-Rio.jpg","width":704,"height":1127},{"@type":"BreadcrumbList","@id":"https:\/\/studioasario.fr\/index.php\/jean-marc-rio\/#breadcrumb","itemListElement":[{"@type":"ListItem","position":1,"name":"Home","item":"https:\/\/studioasario.fr\/"},{"@type":"ListItem","position":2,"name":"Jean-Marc Rio Architecte"}]},{"@type":"WebSite","@id":"https:\/\/studioasario.fr\/#website","url":"https:\/\/studioasario.fr\/","name":"Studio Asario","description":"","publisher":{"@id":"https:\/\/studioasario.fr\/#organization"},"potentialAction":[{"@type":"SearchAction","target":{"@type":"EntryPoint","urlTemplate":"https:\/\/studioasario.fr\/?s={search_term_string}"},"query-input":{"@type":"PropertyValueSpecification","valueRequired":true,"valueName":"search_term_string"}}],"inLanguage":"fr-FR"},{"@type":"Organization","@id":"https:\/\/studioasario.fr\/#organization","name":"Studio Asario","url":"https:\/\/studioasario.fr\/","logo":{"@type":"ImageObject","inLanguage":"fr-FR","@id":"https:\/\/studioasario.fr\/#\/schema\/logo\/image\/","url":"https:\/\/studioasario.fr\/wp-content\/uploads\/2021\/04\/studio-asario-210427-1.svg","contentUrl":"https:\/\/studioasario.fr\/wp-content\/uploads\/2021\/04\/studio-asario-210427-1.svg","caption":"Studio Asario"},"image":{"@id":"https:\/\/studioasario.fr\/#\/schema\/logo\/image\/"}}]}},"_links":{"self":[{"href":"https:\/\/studioasario.fr\/index.php\/wp-json\/wp\/v2\/pages\/394","targetHints":{"allow":["GET"]}}],"collection":[{"href":"https:\/\/studioasario.fr\/index.php\/wp-json\/wp\/v2\/pages"}],"about":[{"href":"https:\/\/studioasario.fr\/index.php\/wp-json\/wp\/v2\/types\/page"}],"author":[{"embeddable":true,"href":"https:\/\/studioasario.fr\/index.php\/wp-json\/wp\/v2\/users\/1"}],"replies":[{"embeddable":true,"href":"https:\/\/studioasario.fr\/index.php\/wp-json\/wp\/v2\/comments?post=394"}],"version-history":[{"count":80,"href":"https:\/\/studioasario.fr\/index.php\/wp-json\/wp\/v2\/pages\/394\/revisions"}],"predecessor-version":[{"id":1402,"href":"https:\/\/studioasario.fr\/index.php\/wp-json\/wp\/v2\/pages\/394\/revisions\/1402"}],"wp:attachment":[{"href":"https:\/\/studioasario.fr\/index.php\/wp-json\/wp\/v2\/media?parent=394"}],"curies":[{"name":"wp","href":"https:\/\/api.w.org\/{rel}","templated":true}]}}